{"id":346,"date":"2018-03-13T11:58:47","date_gmt":"2018-03-13T10:58:47","guid":{"rendered":"https:\/\/kigo.se.vkube.cloud\/vanner\/?page_id=346"},"modified":"2026-04-14T17:00:06","modified_gmt":"2026-04-14T15:00:06","slug":"arbetsdagar","status":"publish","type":"page","link":"https:\/\/www.arboretum-norr.se\/vanner\/arbetsdagar\/","title":{"rendered":"Aktivitetsdagar"},"content":{"rendered":"<p>P\u00e5 v\u00e5ren och h\u00f6sten varje \u00e5r s\u00e5 h\u00e5ller vi i f\u00f6reningen i en frivillig aktivitetsdag\/arbetsdag i arboretet i Baggb\u00f6le. Arboretet st\u00e5r f\u00f6r arbetsuppgifter och verktyg och vi andra st\u00e5r f\u00f6r arbetskraft och fika\/lunch. Detta brukar vara trevliga tillst\u00e4llningar d\u00e4r man f\u00e5r l\u00e4ra k\u00e4nna folk i f\u00f6reningen och de anst\u00e4llda p\u00e5 arboretet. Senaste g\u00e5ngerna har alla som jobbat ocks\u00e5 f\u00e5tt med sig en v\u00e4xt hem, \u00e4ven lotterier med ovanligare arter har f\u00f6rekommit. F\u00f6r n\u00e4sta aktivitetsdag kolla p\u00e5 v\u00e5r kalender eller nyheter f\u00f6r uppdateringar.<\/p>\n<div id=\"attachment_368\" style=\"width: 179px\" class=\"wp-caption alignleft\"><a href=\"\/wp-content\/uploads\/sites\/2\/2018\/03\/13335824_1061428980569933_5276136693135676906_n.jpg\" rel=\"lightbox-0\"><img loading=\"lazy\" decoding=\"async\" aria-describedby=\"caption-attachment-368\" class=\"wp-image-368 size-medium\" src=\"\/wp-content\/uploads\/sites\/2\/2018\/03\/13335824_1061428980569933_5276136693135676906_n-169x300.jpg\" alt=\"\" width=\"169\" height=\"300\" srcset=\"\/wp-content\/uploads\/sites\/2\/2018\/03\/13335824_1061428980569933_5276136693135676906_n-169x300.jpg 169w, \/wp-content\/uploads\/sites\/2\/2018\/03\/13335824_1061428980569933_5276136693135676906_n.jpg 540w\" sizes=\"auto, (max-width: 169px) 100vw, 169px\" \/><\/a><p id=\"caption-attachment-368\" class=\"wp-caption-text\">Lina var en av n\u00e4rmare femtio personer som arbetade ideellt i arboretet. Lina vann ocks\u00e5 utlottningen av det h\u00e4r tr\u00e4det, en n\u00e4verh\u00e4gg som var st\u00f6rre \u00e4n henne sj\u00e4lv.<\/p><\/div>\n<div id=\"attachment_355\" style=\"width: 310px\" class=\"wp-caption alignleft\"><a href=\"\/wp-content\/uploads\/sites\/2\/2018\/03\/P1020047-2.jpg\" rel=\"lightbox-1\"><img loading=\"lazy\" decoding=\"async\" aria-describedby=\"caption-attachment-355\" class=\"wp-image-355 size-medium\" src=\"\/wp-content\/uploads\/sites\/2\/2018\/03\/P1020047-2-300x169.jpg\" alt=\"\" width=\"300\" height=\"169\" srcset=\"\/wp-content\/uploads\/sites\/2\/2018\/03\/P1020047-2-300x169.jpg 300w, \/wp-content\/uploads\/sites\/2\/2018\/03\/P1020047-2-768x432.jpg 768w, \/wp-content\/uploads\/sites\/2\/2018\/03\/P1020047-2-1024x575.jpg 1024w\" sizes=\"auto, (max-width: 300px) 100vw, 300px\" \/><\/a><p id=\"caption-attachment-355\" class=\"wp-caption-text\">Arbete p\u00e5g\u00e5r i sl\u00e4nten p\u00e5 Japanska tr\u00e4dg\u00e5rden<\/p><\/div>\n<div id=\"attachment_356\" style=\"width: 310px\" class=\"wp-caption alignleft\"><a href=\"\/wp-content\/uploads\/sites\/2\/2018\/03\/P1020049-2.jpg\" rel=\"lightbox-2\"><img loading=\"lazy\" decoding=\"async\" aria-describedby=\"caption-attachment-356\" class=\"wp-image-356 size-medium\" src=\"\/wp-content\/uploads\/sites\/2\/2018\/03\/P1020049-2-300x169.jpg\" alt=\"\" width=\"300\" height=\"169\" srcset=\"\/wp-content\/uploads\/sites\/2\/2018\/03\/P1020049-2-300x169.jpg 300w, \/wp-content\/uploads\/sites\/2\/2018\/03\/P1020049-2-768x432.jpg 768w, \/wp-content\/uploads\/sites\/2\/2018\/03\/P1020049-2-1024x575.jpg 1024w\" sizes=\"auto, (max-width: 300px) 100vw, 300px\" \/><\/a><p id=\"caption-attachment-356\" class=\"wp-caption-text\">P\u00e5 denna arbetsdag hade vi hj\u00e4lp av flera ynglingar, h\u00e4r i Japanska tr\u00e4dg\u00e5rden<\/p><\/div>\n<div id=\"attachment_354\" style=\"width: 310px\" class=\"wp-caption alignleft\"><a href=\"\/wp-content\/uploads\/sites\/2\/2018\/03\/P1020044-2.jpg\" rel=\"lightbox-3\"><img loading=\"lazy\" decoding=\"async\" aria-describedby=\"caption-attachment-354\" class=\"wp-image-354 size-medium\" src=\"\/wp-content\/uploads\/sites\/2\/2018\/03\/P1020044-2-300x169.jpg\" alt=\"\" width=\"300\" height=\"169\" srcset=\"\/wp-content\/uploads\/sites\/2\/2018\/03\/P1020044-2-300x169.jpg 300w, \/wp-content\/uploads\/sites\/2\/2018\/03\/P1020044-2-768x432.jpg 768w, \/wp-content\/uploads\/sites\/2\/2018\/03\/P1020044-2-1024x575.jpg 1024w\" sizes=\"auto, (max-width: 300px) 100vw, 300px\" \/><\/a><p id=\"caption-attachment-354\" class=\"wp-caption-text\">Samling p\u00e5 morgonen f\u00f6r att g\u00e5 igenom dagens schema och arbetsuppgifter<\/p><\/div>\n<div id=\"attachment_353\" style=\"width: 310px\" class=\"wp-caption alignleft\"><a href=\"\/wp-content\/uploads\/sites\/2\/2018\/03\/P1020058-2.jpg\" rel=\"lightbox-4\"><img loading=\"lazy\" decoding=\"async\" aria-describedby=\"caption-attachment-353\" class=\"wp-image-353 size-medium\" src=\"\/wp-content\/uploads\/sites\/2\/2018\/03\/P1020058-2-300x169.jpg\" alt=\"\" width=\"300\" height=\"169\" srcset=\"\/wp-content\/uploads\/sites\/2\/2018\/03\/P1020058-2-300x169.jpg 300w, \/wp-content\/uploads\/sites\/2\/2018\/03\/P1020058-2-768x432.jpg 768w, \/wp-content\/uploads\/sites\/2\/2018\/03\/P1020058-2-1024x575.jpg 1024w\" sizes=\"auto, (max-width: 300px) 100vw, 300px\" \/><\/a><p id=\"caption-attachment-353\" class=\"wp-caption-text\">Avslutning med Lunch\/Fika f\u00f6rst\u00e5s! H\u00e4r njuter vi hela g\u00e4nget vid Tv\u00e4tth\u00e4llstugan<\/p><\/div>\n","protected":false},"excerpt":{"rendered":"<p>P\u00e5 v\u00e5ren och h\u00f6sten varje \u00e5r s\u00e5 h\u00e5ller vi i f\u00f6reningen i en frivillig aktivitetsdag\/arbetsdag i arboretet i Baggb\u00f6le. Arboretet st\u00e5r f\u00f6r arbetsuppgifter och verktyg och vi andra st\u00e5r f\u00f6r arbetskraft och fika\/lunch. Detta brukar <a class=\"read-more\" title=\"L\u00e4s vidare\" href=\"https:\/\/www.arboretum-norr.se\/vanner\/arbetsdagar\/\"> &#8230;<\/a><\/p>\n","protected":false},"author":797161,"featured_media":0,"parent":0,"menu_order":0,"comment_status":"closed","ping_status":"closed","template":"","meta":{"footnotes":""},"class_list":["post-346","page","type-page","status-publish","hentry"],"_links":{"self":[{"href":"https:\/\/www.arboretum-norr.se\/vanner\/wp-json\/wp\/v2\/pages\/346","targetHints":{"allow":["GET"]}}],"collection":[{"href":"https:\/\/www.arboretum-norr.se\/vanner\/wp-json\/wp\/v2\/pages"}],"about":[{"href":"https:\/\/www.arboretum-norr.se\/vanner\/wp-json\/wp\/v2\/types\/page"}],"author":[{"embeddable":true,"href":"https:\/\/www.arboretum-norr.se\/vanner\/wp-json\/wp\/v2\/users\/797161"}],"replies":[{"embeddable":true,"href":"https:\/\/www.arboretum-norr.se\/vanner\/wp-json\/wp\/v2\/comments?post=346"}],"version-history":[{"count":3,"href":"https:\/\/www.arboretum-norr.se\/vanner\/wp-json\/wp\/v2\/pages\/346\/revisions"}],"predecessor-version":[{"id":934,"href":"https:\/\/www.arboretum-norr.se\/vanner\/wp-json\/wp\/v2\/pages\/346\/revisions\/934"}],"wp:attachment":[{"href":"https:\/\/www.arboretum-norr.se\/vanner\/wp-json\/wp\/v2\/media?parent=346"}],"curies":[{"name":"wp","href":"https:\/\/api.w.org\/{rel}","templated":true}]}}