{"id":442,"date":"2018-03-16T15:20:38","date_gmt":"2018-03-16T14:20:38","guid":{"rendered":"https:\/\/kigo.se.vkube.cloud\/vanner\/?page_id=442"},"modified":"2018-03-16T15:58:38","modified_gmt":"2018-03-16T14:58:38","slug":"2011-slus-forsoksparker-i-vindeln","status":"publish","type":"page","link":"https:\/\/www.arboretum-norr.se\/vanner\/2011-slus-forsoksparker-i-vindeln\/","title":{"rendered":"2011 &#8211; SLU:s f\u00f6rs\u00f6ksparker i Vindeln"},"content":{"rendered":"<p>Avresan skedde kl.09.00 fr\u00e5n Ume\u00e5 i minibussar. V\u00e4l framme vid park-och forskningskontoret mottogs de 15 deltagarna av chefen f\u00f6r Vindelns f\u00f6rs\u00f6ksparker Lena<br \/>\nJonsson. Lena var sedan v\u00e5r kunnige ciceron under studiebes\u00f6ket. Bes\u00f6ket inleddes med f\u00f6rmiddagsfika och information om verksamheten vid f\u00f6rs\u00f6ksparkerna i allm\u00e4nhet.<\/p>\n<p>D\u00e4refter skedde transport ut till f\u00f6rs\u00f6ksytor p\u00e5 plats i skogen. Lena Jonsson visade runt bland parcellf\u00f6rs\u00f6k med b\u00e5de inhemska och exotiska tr\u00e4darter planterade vid samma tidpunkt. Tr\u00e4dbest\u00e5nden var 20 \u00e5r gamla och uppvisade intressanta resultat (se bifogade best\u00e5ndsdata fr\u00e5n 2009)<br \/>\n\u00d6verlevnaden var god hos m\u00e5nga av arterna ex gran(Picea abies),svartgran(Picea mariana) och klippgran(Abies lasiocarpa f\u00f6r att n\u00e4mn n\u00e5gra exempel. D\u00e4remot n\u00e4r det g\u00e4ller volymproduktion s\u00e5 stod Contortatallen(Pinus contorta) och Sibiriska l\u00e4rken(Larix sibirica) i en klass f\u00f6r sig t\u00e4tt f\u00f6ljda av vanlig \u201csvensk\u201d tall. Resedeltagarna kunde ocks\u00e5 hemf\u00f6ra en hel del matsvamp som p\u00e5passligt plockades vid rundvandringen.<\/p>\n<p>Efter bes\u00f6ket vid SLU:s f\u00f6rs\u00f6ksparker \u00e5kte deltagarna till Kronlunds kursg\u00e5rd d\u00e4r en uppskattad lunch intogs. D\u00e4refter fortsatte resan till kvarnen vid Vindelforsen d\u00e4r det var \u00f6ppet hus med olika konstutst\u00e4llningar och hantverk. Laila Brunes hade ordnat med eftermiddagsfika vilket intogs i anslutning till kvarnen varefter hemresan p\u00e5b\u00f6rjades. Vi var \u00e5ter i Ume\u00e5 ca 17.00.<\/p>\n<p>V\u00e4l planerade och sk\u00f6tta tr\u00e4dslagsf\u00f6rs\u00f6k \u00e4r exempel p\u00e5 en viktig strategisk resurs f\u00f6r framtida skogsforskning. De avser inte att besvara en specifik fr\u00e5ga men ger m\u00f6jlighet att j\u00e4mf\u00f6ra reaktioner p\u00e5 v\u00e4derleksvariation, olika typer av skadeg\u00f6rare, biomassastruktur och vedbildning, f\u00f6rnaproduktion och nedbrytning, samspel med markorganismer.<\/p>\n<div id=\"attachment_446\" style=\"width: 310px\" class=\"wp-caption alignnone\"><a href=\"\/wp-content\/uploads\/sites\/2\/2018\/03\/2011-5.jpg\" rel=\"lightbox-0\"><img loading=\"lazy\" decoding=\"async\" aria-describedby=\"caption-attachment-446\" class=\"wp-image-446 size-medium\" src=\"\/wp-content\/uploads\/sites\/2\/2018\/03\/2011-5-300x225.jpg\" alt=\"\" width=\"300\" height=\"225\" srcset=\"\/wp-content\/uploads\/sites\/2\/2018\/03\/2011-5-300x225.jpg 300w, \/wp-content\/uploads\/sites\/2\/2018\/03\/2011-5-768x576.jpg 768w, \/wp-content\/uploads\/sites\/2\/2018\/03\/2011-5-1024x768.jpg 1024w, \/wp-content\/uploads\/sites\/2\/2018\/03\/2011-5.jpg 1900w\" sizes=\"auto, (max-width: 300px) 100vw, 300px\" \/><\/a><p id=\"caption-attachment-446\" class=\"wp-caption-text\">Lena Jonsson ber\u00e4ttar om tr\u00e4dslagsf\u00f6rs\u00f6ken.<\/p><\/div>\n","protected":false},"excerpt":{"rendered":"<p>Avresan skedde kl.09.00 fr\u00e5n Ume\u00e5 i minibussar. V\u00e4l framme vid park-och forskningskontoret mottogs de 15 deltagarna av chefen f\u00f6r Vindelns f\u00f6rs\u00f6ksparker Lena Jonsson. Lena var sedan v\u00e5r kunnige ciceron under studiebes\u00f6ket. Bes\u00f6ket inleddes med f\u00f6rmiddagsfika <a class=\"read-more\" title=\"L\u00e4s vidare\" href=\"https:\/\/www.arboretum-norr.se\/vanner\/2011-slus-forsoksparker-i-vindeln\/\"> &#8230;<\/a><\/p>\n","protected":false},"author":797161,"featured_media":0,"parent":0,"menu_order":0,"comment_status":"closed","ping_status":"closed","template":"","meta":{"footnotes":""},"class_list":["post-442","page","type-page","status-publish","hentry"],"_links":{"self":[{"href":"https:\/\/www.arboretum-norr.se\/vanner\/wp-json\/wp\/v2\/pages\/442","targetHints":{"allow":["GET"]}}],"collection":[{"href":"https:\/\/www.arboretum-norr.se\/vanner\/wp-json\/wp\/v2\/pages"}],"about":[{"href":"https:\/\/www.arboretum-norr.se\/vanner\/wp-json\/wp\/v2\/types\/page"}],"author":[{"embeddable":true,"href":"https:\/\/www.arboretum-norr.se\/vanner\/wp-json\/wp\/v2\/users\/797161"}],"replies":[{"embeddable":true,"href":"https:\/\/www.arboretum-norr.se\/vanner\/wp-json\/wp\/v2\/comments?post=442"}],"version-history":[{"count":7,"href":"https:\/\/www.arboretum-norr.se\/vanner\/wp-json\/wp\/v2\/pages\/442\/revisions"}],"predecessor-version":[{"id":452,"href":"https:\/\/www.arboretum-norr.se\/vanner\/wp-json\/wp\/v2\/pages\/442\/revisions\/452"}],"wp:attachment":[{"href":"https:\/\/www.arboretum-norr.se\/vanner\/wp-json\/wp\/v2\/media?parent=442"}],"curies":[{"name":"wp","href":"https:\/\/api.w.org\/{rel}","templated":true}]}}