{"id":724,"date":"2024-01-30T10:49:25","date_gmt":"2024-01-30T09:49:25","guid":{"rendered":"https:\/\/www.arboretum-norr.se\/vanner\/?page_id=724"},"modified":"2025-04-29T09:37:03","modified_gmt":"2025-04-29T07:37:03","slug":"trad-i-fokus","status":"publish","type":"page","link":"https:\/\/www.arboretum-norr.se\/vanner\/trad-i-fokus\/","title":{"rendered":"Tr\u00e4d i Fokus"},"content":{"rendered":"\n<p>H\u00e4r kan du l\u00e4sa mer om olika tr\u00e4d och tr\u00e4dsl\u00e4kten som man ocks\u00e5 har chans att st\u00f6ta p\u00e5 b\u00e5de i arboretet i Baggb\u00f6le samt p\u00e5 campusarboretet. Arboretum Norrs V\u00e4nner med Jan-Erik H\u00e4llgren i spetsen har skrivit ett flertal texter och vi har valt att kalla denna textserie: <strong>Tr\u00e4d i Fokus<\/strong>. <\/p>\n\n\n\n<figure class=\"wp-block-image size-large\"><a href=\"https:\/\/www.arboretum-norr.se\/vanner\/bjorkvaxter-i-pollentider\/\"><img loading=\"lazy\" decoding=\"async\" width=\"1024\" height=\"205\" src=\"\/wp-content\/uploads\/sites\/2\/2025\/03\/betula-1.jpeg\" alt=\"\" class=\"wp-image-847\" srcset=\"\/wp-content\/uploads\/sites\/2\/2025\/03\/betula-1.jpeg 1024w, \/wp-content\/uploads\/sites\/2\/2025\/03\/betula-1-300x60.jpeg 300w, \/wp-content\/uploads\/sites\/2\/2025\/03\/betula-1-768x154.jpeg 768w\" sizes=\"auto, (max-width: 1024px) 100vw, 1024px\" \/><\/a><\/figure>\n\n\n\n<ul class=\"wp-block-list\"><li>F\u00f6rst ut i serien var <a rel=\"noreferrer noopener\" aria-label=\" (\u00f6ppnas i en ny flik)\" href=\"https:\/\/www.arboretum-norr.se\/vanner\/bjorkvaxter-i-pollentider\/\" target=\"_blank\">Bj\u00f6rkv\u00e4xter i pollentider<\/a> som handlar om pollen och tr\u00e4d fr\u00e5n familjen Bj\u00f6rkv\u00e4xter (<em>Betulaceae<\/em>), framf\u00f6rallt Bj\u00f6rk (<em>Betula<\/em>) och Al (<em>Alnus<\/em>).<\/li><\/ul>\n\n\n\n<figure class=\"wp-block-image size-large\"><a href=\"https:\/\/www.arboretum-norr.se\/vanner\/mellan-hagg-och-syren\/\"><img loading=\"lazy\" decoding=\"async\" width=\"1024\" height=\"205\" src=\"\/wp-content\/uploads\/sites\/2\/2025\/03\/prunus-1.jpeg\" alt=\"\" class=\"wp-image-845\" srcset=\"\/wp-content\/uploads\/sites\/2\/2025\/03\/prunus-1.jpeg 1024w, \/wp-content\/uploads\/sites\/2\/2025\/03\/prunus-1-300x60.jpeg 300w, \/wp-content\/uploads\/sites\/2\/2025\/03\/prunus-1-768x154.jpeg 768w\" sizes=\"auto, (max-width: 1024px) 100vw, 1024px\" \/><\/a><\/figure>\n\n\n\n<ul class=\"wp-block-list\"><li> <a rel=\"noreferrer noopener\" href=\"https:\/\/www.arboretum-norr.se\/vanner\/mellan-hagg-och-syren\/\" target=\"_blank\">Mellan H\u00e4gg &amp; Syren<\/a> handlar f\u00f6rst\u00e5s om H\u00e4gg fr\u00e5n plommons\u00e4ktet (<em>Prunus<\/em>) och Syren (<em>Syringa<\/em>).<\/li><\/ul>\n\n\n\n<figure class=\"wp-block-image size-large\"><a href=\"\/wp-content\/uploads\/sites\/2\/2025\/03\/sorbus.jpeg\" rel=\"lightbox-0\"><img loading=\"lazy\" decoding=\"async\" width=\"1024\" height=\"205\" src=\"\/wp-content\/uploads\/sites\/2\/2025\/03\/sorbus.jpeg\" alt=\"\" class=\"wp-image-835\" srcset=\"\/wp-content\/uploads\/sites\/2\/2025\/03\/sorbus.jpeg 1024w, \/wp-content\/uploads\/sites\/2\/2025\/03\/sorbus-300x60.jpeg 300w, \/wp-content\/uploads\/sites\/2\/2025\/03\/sorbus-768x154.jpeg 768w\" sizes=\"auto, (max-width: 1024px) 100vw, 1024px\" \/><\/a><\/figure>\n\n\n\n<ul class=\"wp-block-list\"><li>R\u00f6nnsl\u00e4ktet (<em>Sorbus<\/em>), n\u00e4rmare best\u00e4mt om <a rel=\"noreferrer noopener\" href=\"https:\/\/www.arboretum-norr.se\/vanner\/oxel\/\" target=\"_blank\">Oxlar<\/a> och <a rel=\"noreferrer noopener\" href=\"https:\/\/www.arboretum-norr.se\/vanner\/ronn\/\" target=\"_blank\">R\u00f6nnar<\/a> <\/li><\/ul>\n\n\n\n<figure class=\"wp-block-image size-large\"><a href=\"https:\/\/www.arboretum-norr.se\/vanner\/tre-overaskningar-pa-campusarboretet\/\"><img loading=\"lazy\" decoding=\"async\" width=\"1024\" height=\"205\" src=\"\/wp-content\/uploads\/sites\/2\/2025\/03\/Vresalm-1024x205.jpg\" alt=\"\" class=\"wp-image-874\" srcset=\"\/wp-content\/uploads\/sites\/2\/2025\/03\/Vresalm-1024x205.jpg 1024w, \/wp-content\/uploads\/sites\/2\/2025\/03\/Vresalm-300x60.jpg 300w, \/wp-content\/uploads\/sites\/2\/2025\/03\/Vresalm-768x154.jpg 768w, \/wp-content\/uploads\/sites\/2\/2025\/03\/Vresalm-1536x307.jpg 1536w, \/wp-content\/uploads\/sites\/2\/2025\/03\/Vresalm-2048x409.jpg 2048w\" sizes=\"auto, (max-width: 1024px) 100vw, 1024px\" \/><\/a><\/figure>\n\n\n\n<ul class=\"wp-block-list\"><li>Den fj\u00e4rden texten handlar om <a rel=\"noreferrer noopener\" href=\"https:\/\/www.arboretum-norr.se\/vanner\/tre-overaskningar-pa-campusarboretet\/\" target=\"_blank\">tre dendrologiska \u00f6verraskningar<\/a> som man kan hitta p\u00e5 Campusarboretet inne i Ume\u00e5. Handlar om svenska almarna (<em>Ulmus<\/em>), kanadal\u00e4rk (<em>Larix laricina<\/em>) och j\u00e4ttethuja (<em>Thuja plicata<\/em>).<\/li><\/ul>\n\n\n\n<figure class=\"wp-block-image size-large\"><a href=\"https:\/\/www.arboretum-norr.se\/vanner\/lite-om-lonnsirap-och-lonnar\/\"><img loading=\"lazy\" decoding=\"async\" width=\"1000\" height=\"200\" src=\"\/wp-content\/uploads\/sites\/2\/2025\/03\/var1.jpg\" alt=\"\" class=\"wp-image-852\" srcset=\"\/wp-content\/uploads\/sites\/2\/2025\/03\/var1.jpg 1000w, \/wp-content\/uploads\/sites\/2\/2025\/03\/var1-300x60.jpg 300w, \/wp-content\/uploads\/sites\/2\/2025\/03\/var1-768x154.jpg 768w\" sizes=\"auto, (max-width: 1000px) 100vw, 1000px\" \/><\/a><\/figure>\n\n\n\n<ul class=\"wp-block-list\"><li><a rel=\"noreferrer noopener\" href=\"https:\/\/www.arboretum-norr.se\/vanner\/lite-om-lonnsirap-och-lonnar\/\" target=\"_blank\">L\u00f6nn <\/a>(<em>Acer<\/em>) och L\u00f6nnsirap.<\/li><\/ul>\n\n\n\n<ul class=\"wp-block-list\"><li>Sl\u00e4ktet <a rel=\"noreferrer noopener\" href=\"https:\/\/www.arboretum-norr.se\/vanner\/lite-om-plataner\/\" target=\"_blank\">Plataner<\/a> (<em>Platanus<\/em>).<\/li><\/ul>\n\n\n\n<ul class=\"wp-block-list\"><li><a href=\"https:\/\/www.arboretum-norr.se\/vanner\/popplar\/\">Popplar<\/a> (<em>Populus<\/em>).<\/li><\/ul>\n\n\n\n<ul class=\"wp-block-list\"><li><a href=\"https:\/\/www.arboretum-norr.se\/vanner\/liten-uppta%cc%88ck-om-tra%cc%88dens-bark\/\">Liten uppta\u0308ck om tra\u0308dens bark<\/a>.<\/li><\/ul>\n","protected":false},"excerpt":{"rendered":"<p>H\u00e4r kan du l\u00e4sa mer om olika tr\u00e4d och tr\u00e4dsl\u00e4kten som man ocks\u00e5 har chans att st\u00f6ta p\u00e5 b\u00e5de i arboretet i Baggb\u00f6le samt p\u00e5 campusarboretet. Arboretum Norrs V\u00e4nner med Jan-Erik H\u00e4llgren i spetsen har <a class=\"read-more\" title=\"L\u00e4s vidare\" href=\"https:\/\/www.arboretum-norr.se\/vanner\/trad-i-fokus\/\"> &#8230;<\/a><\/p>\n","protected":false},"author":797161,"featured_media":0,"parent":0,"menu_order":0,"comment_status":"closed","ping_status":"closed","template":"","meta":{"footnotes":""},"class_list":["post-724","page","type-page","status-publish","hentry"],"_links":{"self":[{"href":"https:\/\/www.arboretum-norr.se\/vanner\/wp-json\/wp\/v2\/pages\/724","targetHints":{"allow":["GET"]}}],"collection":[{"href":"https:\/\/www.arboretum-norr.se\/vanner\/wp-json\/wp\/v2\/pages"}],"about":[{"href":"https:\/\/www.arboretum-norr.se\/vanner\/wp-json\/wp\/v2\/types\/page"}],"author":[{"embeddable":true,"href":"https:\/\/www.arboretum-norr.se\/vanner\/wp-json\/wp\/v2\/users\/797161"}],"replies":[{"embeddable":true,"href":"https:\/\/www.arboretum-norr.se\/vanner\/wp-json\/wp\/v2\/comments?post=724"}],"version-history":[{"count":3,"href":"https:\/\/www.arboretum-norr.se\/vanner\/wp-json\/wp\/v2\/pages\/724\/revisions"}],"predecessor-version":[{"id":897,"href":"https:\/\/www.arboretum-norr.se\/vanner\/wp-json\/wp\/v2\/pages\/724\/revisions\/897"}],"wp:attachment":[{"href":"https:\/\/www.arboretum-norr.se\/vanner\/wp-json\/wp\/v2\/media?parent=724"}],"curies":[{"name":"wp","href":"https:\/\/api.w.org\/{rel}","templated":true}]}}