{"id":745,"date":"2024-02-12T09:55:25","date_gmt":"2024-02-12T08:55:25","guid":{"rendered":"https:\/\/www.arboretum-norr.se\/vanner\/?page_id=745"},"modified":"2024-04-05T14:16:50","modified_gmt":"2024-04-05T12:16:50","slug":"tre-overaskningar-pa-campusarboretet","status":"publish","type":"page","link":"https:\/\/www.arboretum-norr.se\/vanner\/tre-overaskningar-pa-campusarboretet\/","title":{"rendered":"Tre \u00f6veraskningar p\u00e5 Campusarboretet"},"content":{"rendered":"\n<p>Ett arboretum\n\u00e4r till f\u00f6r att visa upp m\u00e5ngfalden av tr\u00e4d som kan v\u00e4xa i\nomr\u00e5det. I arboretet pr\u00f6var man ocks\u00e5 \u201dfr\u00e4mmande\u201d tr\u00e4darter\nf\u00f6r att unders\u00f6ka om de framg\u00e5ngsrikt kan v\u00e4xa inom omr\u00e5det.\nPrecis detta kan ni se i Ume\u00e5 p\u00e5 arboretet i Baggb\u00f6le och p\u00e5\n\u201dCampusarboretet inom universitetens campus. Det finns snart 500\narter\/underarter att studera. N\u00e5gra arter \u00e4r direkt ov\u00e4ntade\nbekantskaper s\u00e5 l\u00e5ngt norrut. De \u00f6vertr\u00e4ffar alla f\u00f6rv\u00e4ntningar\noch \u00f6verraskar betraktare, som ofta st\u00e4ller fr\u00e5gan om hur det kan\nvara m\u00f6jligt att de \u00f6verlevt h\u00e4r. L\u00e5t oss ge n\u00e5gra enstaka\nexempel p\u00e5 \u201dfr\u00e4mmande\u201d tr\u00e4d som ni, tillsammans med andra\nv\u00e4xtexperte, ans\u00e5g att de inte kunde v\u00e4xa i Ume\u00e5. Det \u00e4r ocks\u00e5\ntr\u00e4d som ni inte kan k\u00f6pa i handelstr\u00e4dg\u00e5rdar. Men ni kan se\ntr\u00e4den i v\u00e5ra arboreta. Vi b\u00f6rjar med Campusarboretet. Nej, Vi\nkommer inte att ber\u00e4tta om magnoliorna som v\u00e4xer d\u00e4r, inte heller\nom p\u00e4ron eller \u00e4pplen, vi tar bara det som v\u00e4xer ovanligt bra.<\/p>\n\n\n\n<p>Vi b\u00f6rjar med <strong>Vresalm<\/strong> (<em>Ulmus laevis) <\/em>som m\u00e5ste anses vara s\u00e4llsynt. Den almarten v\u00e4xer i fuktig lerjord p\u00e5 mellersta \u00d6land och som tillsammans<em> med n\u00e5<\/em>gra bet\u00e5ndsexemplar i Tavastland i Finland utg\u00f6r den nordligaste utposten av den naturliga utbredningen. Den finns i en relikt i Spanien, \u00e4r mer vanlig i Frankrike och i \u00f6ster ut till Uralbergen. V\u00e4xer ofta p\u00e5 alluvial mark l\u00e4ngs floderna och t\u00e5l att bli vattendr\u00e4nkt. Vresalm har odlats i s\u00f6dra delar av Sverige och ibland f\u00f6rvildats. Man kan skilja den fr\u00e5n de andra almarna i Sverige p\u00e5 att bladen \u00e4r mjukh\u00e5riga och att sidonerverna inte \u00e4r greniga. Almens blad \u00e4r sandpappersstr\u00e4va. Frukterna, n\u00f6tterna, \u00e4r 1 cm stora gentemot Alm (<em>Ulmus glabra<\/em>) och Lundalm (<em>Ulmus minor<\/em>) d\u00e4r de \u00e4r 2 -2,5 cm. Som unga har de klena grenar men v\u00e4xer till st\u00e5tliga kupolformade tr\u00e4d med kn\u00f6liga stammar. Vresalmen har r\u00f6daktiga, r\u00f6dbruna, blomst\u00e4llningar innan l\u00f6vsprickningen. Vid midsommar mognar fr\u00f6na som kantade sm\u00e5 n\u00f6tter. Vresalmen st\u00e5r (hittills) emot almsjukan (<em>Ophiostoma ulmi)<\/em>&nbsp;som drabbat och utrotat stora delar av Europas almbest\u00e5nd. Den v\u00e4xer ov\u00e4ntat bra p\u00e5 campusarboretet och \u00e4r verkligen v\u00e4rt ett bes\u00f6k.<\/p>\n\n\n\n<p>En annan tr\u00e4dart som vuxit synnerligen bra p\u00e5 Campusarboretet \u00e4r <strong>Kanadal\u00e4rk<\/strong> eller <strong>Tamarack<\/strong> som den kallades f\u00f6rut (<em>Larix laricina<\/em>). Den Nordamerikanska l\u00e4rke<em>n<\/em> \u00e4r av Kanadensiskt ursprung och \u00e4r utbredd fr\u00e5n \u00f6stra delen Yukon till New Founland. Det finns ocks\u00e5 i best\u00e5nd i USA, i Alaska och i Minnesota till de v\u00e4stra delarna av Virginia. Tamarack blir normalt ett litet tr\u00e4d p\u00e5 ca 20 m. Bladen, som ser ut som 2-3 cm stora barr kommer p\u00e5 kortskott i samlingar av ca 20-30 blad F\u00e4rgen \u00e4r ljus bl\u00e5-gr\u00f6n och de blir vackert gula p\u00e5 h\u00f6sten innan de faller av. Tamarack har ofta flagnande bark p\u00e5 stammen som har en svagt rosa ton. Tamaracker har de minsta kottar ni har sett p\u00e5 n\u00e5gon av l\u00e4rkarna, mindre \u00e4n 2 cm. Varf\u00f6r den v\u00e4xer s\u00e5 bra p\u00e5 Campus i Ume\u00e5 \u00e4r en ol\u00f6st g\u00e5ta. Bed\u00f6m sj\u00e4lva och skicka in er gissning till Arboretum Norr eller Arboretum Norrs V\u00e4nner.<\/p>\n\n\n\n<p><strong>J\u00e4ttethujan<\/strong>\n(<em>Thuja\nplicata<\/em>)\np\u00e5 Campus \u00e4r stor, st\u00f6rst i Ume\u00e5 i alla fall. Ni b\u00f6r sj\u00e4lva\nkolla fakta p\u00e5 plats. N\u00e4rmaste artfr\u00e4nde finns i Arboretum Drafle\ni H\u00e4rn\u00f6sand om vi har r\u00e4tt. Om du k\u00e4nner till n\u00e5gon annan\nj\u00e4ttethuja s\u00e5 anm\u00e4l det g\u00e4rna till n\u00e5gon p\u00e5 Arboretum Norr.\nJ\u00e4ttethujan h\u00f6r till cypressv\u00e4xterna som i regel inte trivs s\u00e5\nl\u00e5ngt norrut, de ska inte kunna klara vintrarna. I plantskolornas\nbeskrivningar vill man inte framh\u00e5lla <em>T.\nplicata <\/em>utan\nf\u00f6r fram andra\u201d h\u00e4rdigare\u201d sorter av thuja (exempelvis sorterna\nbrabant och smaragd).Vi\nkonstaterar bara att j\u00e4ttethujan p\u00e5 Campusarboretet v\u00e4xer s\u00e5 det\nknakar. Metaforen lyder s\u00e5 men \u00e4r den att lita p\u00e5?<\/p>\n","protected":false},"excerpt":{"rendered":"<p>Ett arboretum \u00e4r till f\u00f6r att visa upp m\u00e5ngfalden av tr\u00e4d som kan v\u00e4xa i omr\u00e5det. I arboretet pr\u00f6var man ocks\u00e5 \u201dfr\u00e4mmande\u201d tr\u00e4darter f\u00f6r att unders\u00f6ka om de framg\u00e5ngsrikt kan v\u00e4xa inom omr\u00e5det. Precis detta <a class=\"read-more\" title=\"L\u00e4s vidare\" href=\"https:\/\/www.arboretum-norr.se\/vanner\/tre-overaskningar-pa-campusarboretet\/\"> &#8230;<\/a><\/p>\n","protected":false},"author":797161,"featured_media":0,"parent":0,"menu_order":0,"comment_status":"closed","ping_status":"closed","template":"","meta":{"footnotes":""},"class_list":["post-745","page","type-page","status-publish","hentry"],"_links":{"self":[{"href":"https:\/\/www.arboretum-norr.se\/vanner\/wp-json\/wp\/v2\/pages\/745","targetHints":{"allow":["GET"]}}],"collection":[{"href":"https:\/\/www.arboretum-norr.se\/vanner\/wp-json\/wp\/v2\/pages"}],"about":[{"href":"https:\/\/www.arboretum-norr.se\/vanner\/wp-json\/wp\/v2\/types\/page"}],"author":[{"embeddable":true,"href":"https:\/\/www.arboretum-norr.se\/vanner\/wp-json\/wp\/v2\/users\/797161"}],"replies":[{"embeddable":true,"href":"https:\/\/www.arboretum-norr.se\/vanner\/wp-json\/wp\/v2\/comments?post=745"}],"version-history":[{"count":3,"href":"https:\/\/www.arboretum-norr.se\/vanner\/wp-json\/wp\/v2\/pages\/745\/revisions"}],"predecessor-version":[{"id":762,"href":"https:\/\/www.arboretum-norr.se\/vanner\/wp-json\/wp\/v2\/pages\/745\/revisions\/762"}],"wp:attachment":[{"href":"https:\/\/www.arboretum-norr.se\/vanner\/wp-json\/wp\/v2\/media?parent=745"}],"curies":[{"name":"wp","href":"https:\/\/api.w.org\/{rel}","templated":true}]}}