{"id":890,"date":"2025-04-29T09:33:20","date_gmt":"2025-04-29T07:33:20","guid":{"rendered":"https:\/\/www.arboretum-norr.se\/vanner\/?page_id=890"},"modified":"2025-04-29T09:34:17","modified_gmt":"2025-04-29T07:34:17","slug":"liten-uppta%cc%88ck-om-tra%cc%88dens-bark","status":"publish","type":"page","link":"https:\/\/www.arboretum-norr.se\/vanner\/liten-uppta%cc%88ck-om-tra%cc%88dens-bark\/","title":{"rendered":"Liten uppta\u0308ck om tra\u0308dens bark"},"content":{"rendered":"\n<p>Tr\u00e4dens bark och m\u00e4nniskans skinn vad har de gemensamt ?<\/p>\n\n\n\n<p>Som ni s\u00e4kert\nsett s\u00e5 finns n\u00e4rbesl\u00e4ktade tr\u00e4d med mer eller mindre sl\u00e4t eller skrovlig bark.\nBarken skyddar tr\u00e4det, dels fysiskt och ocks\u00e5 d\u00e4rf\u00f6r att den inneh\u00e5ller\nantibakteriella f\u00f6reningar och andra \u00e4mnen som skyddar mot svampar och insekter.\nEnligt en relativt ny uppt\u00e4ckt beror Poppeltr\u00e4dens &nbsp;barktjocklek och utseende p\u00e5 en enskild gen. Genen\nkontrollerar att barkcellerna som d\u00f6r h\u00e5lls kvar p\u00e5 ytan och f\u00e5r ytan att bli mer\nskrovlig. Proteinet sam ansvarar f\u00f6r detta p\u00e5minner om ett kardborreband och\ndet har i f\u00f6rstoring en form som ser ut som h\u00e5rn\u00e5lar som hakar sig fast vid\nvarandra. P\u00e5 s\u00e5 s\u00e4tt h\u00e5ller det &nbsp;fast\n\u00e4ven d\u00f6da celler \u2013 Barkens yta blir skrovlig.<\/p>\n\n\n\n<p>En mutation som\nger ett protein som skiljer sig fr\u00e5n ursprunget i en enda aminosyra, har\nuppkommit. Det g\u00f6r att barkcellerna inte l\u00e4ngre h\u00e5ller fast vid varandra. Resultatet\nblir en tunnare sl\u00e4tare bark i st\u00e4llet f\u00f6r en skrovlig. Den ursprungliga former\nf\u00f6r bark hos Poppel \u00e4r allts\u00e5 skrovlig bark. Mutationen ger en sl\u00e4t bark.<\/p>\n\n\n\n<p>Den andra \u00f6verraskningen\n\u00e4r svaret p\u00e5 fr\u00e5gan i rubriken. Samma gener som f\u00f6rorsakar keratoderma* hos\nm\u00e4nniska. De som drabbas f\u00e5r m\u00f6rkare f\u00e4rgad skrovlig hud p\u00e5 h\u00e4nderna och ibland\n\u00e4ven p\u00e5 f\u00f6tterna. Det verkar allts\u00e5 vara samma gen som m\u00e4nniskor p\u00e5verkar huden\nhos m\u00e4nniska p\u00e5verkar tr\u00e4d. &nbsp;Hos\nm\u00e4nniskan blir vildtypen, den normala&nbsp;\nhuden, sl\u00e4t och det \u00e4r v\u00e4rt om hos <em>Populus.<\/em><\/p>\n\n\n\n<p>Kolla n\u00e4sta\ng\u00e5ng ni ser p\u00e5 Poppelstammen!<\/p>\n\n\n\n<p>Referenser:<\/p>\n\n\n\n<ul class=\"wp-block-list\"><li>Keratoderma:\nEn grupp av mest \u00e4rftliga tillst\u00e5nd, k\u00e4nnetecknade av f\u00f6rtjocknad hud i\nhandflator och p\u00e5 fotsulor till f\u00f6ljd av onormalt omfattande keratinbildning,\nvilken leder till hypertrofi i hudens hornlager (hyperkeratos). Karolinska\nInstitutet MesH)<\/li><\/ul>\n\n\n\n<p>Quantitative trait locus mapping of <em>Populus<\/em>\nbark features and stem diameter. <em>Roba Bdeir, Wellington Muchero, Yordan\nYordanov, Gerald A.Tuskan, Victor Busov &amp; Olliver Galling<\/em>. BMC Plant\nBiology <strong>17 <\/strong>,224 (2017)<\/p>\n\n\n\n<p><a href=\"https:\/\/doi.org\/10.1186\/s12870-017-1166-4\">https:\/\/doi.org\/10.1186\/s12870-017-1166-4<\/a><\/p>\n\n\n\n<figure class=\"wp-block-image size-large\"><img loading=\"lazy\" decoding=\"async\" width=\"472\" height=\"296\" src=\"\/wp-content\/uploads\/sites\/2\/2025\/04\/bark.png\" alt=\"\" class=\"wp-image-893\" srcset=\"\/wp-content\/uploads\/sites\/2\/2025\/04\/bark.png 472w, \/wp-content\/uploads\/sites\/2\/2025\/04\/bark-300x188.png 300w\" sizes=\"auto, (max-width: 472px) 100vw, 472px\" \/><figcaption>Bild som visar  en skala av barktyper p\u00e5 olika arter av Popplar i USA (d. \u00e4r ovanllg)<\/figcaption><\/figure>\n","protected":false},"excerpt":{"rendered":"<p>Tr\u00e4dens bark och m\u00e4nniskans skinn vad har de gemensamt ? Som ni s\u00e4kert sett s\u00e5 finns n\u00e4rbesl\u00e4ktade tr\u00e4d med mer eller mindre sl\u00e4t eller skrovlig bark. Barken skyddar tr\u00e4det, dels fysiskt och ocks\u00e5 d\u00e4rf\u00f6r att <a class=\"read-more\" title=\"L\u00e4s vidare\" href=\"https:\/\/www.arboretum-norr.se\/vanner\/liten-uppta%cc%88ck-om-tra%cc%88dens-bark\/\"> &#8230;<\/a><\/p>\n","protected":false},"author":797161,"featured_media":0,"parent":0,"menu_order":0,"comment_status":"closed","ping_status":"closed","template":"","meta":{"footnotes":""},"class_list":["post-890","page","type-page","status-publish","hentry"],"_links":{"self":[{"href":"https:\/\/www.arboretum-norr.se\/vanner\/wp-json\/wp\/v2\/pages\/890","targetHints":{"allow":["GET"]}}],"collection":[{"href":"https:\/\/www.arboretum-norr.se\/vanner\/wp-json\/wp\/v2\/pages"}],"about":[{"href":"https:\/\/www.arboretum-norr.se\/vanner\/wp-json\/wp\/v2\/types\/page"}],"author":[{"embeddable":true,"href":"https:\/\/www.arboretum-norr.se\/vanner\/wp-json\/wp\/v2\/users\/797161"}],"replies":[{"embeddable":true,"href":"https:\/\/www.arboretum-norr.se\/vanner\/wp-json\/wp\/v2\/comments?post=890"}],"version-history":[{"count":2,"href":"https:\/\/www.arboretum-norr.se\/vanner\/wp-json\/wp\/v2\/pages\/890\/revisions"}],"predecessor-version":[{"id":894,"href":"https:\/\/www.arboretum-norr.se\/vanner\/wp-json\/wp\/v2\/pages\/890\/revisions\/894"}],"wp:attachment":[{"href":"https:\/\/www.arboretum-norr.se\/vanner\/wp-json\/wp\/v2\/media?parent=890"}],"curies":[{"name":"wp","href":"https:\/\/api.w.org\/{rel}","templated":true}]}}